{"id":7918,"date":"2016-12-03T06:47:08","date_gmt":"2016-12-03T06:47:08","guid":{"rendered":"http:\/\/www.montsedamianabogada.com\/ca\/?page_id=7918"},"modified":"2017-01-11T10:34:40","modified_gmt":"2017-01-11T10:34:40","slug":"negligencies-mediques","status":"publish","type":"page","link":"https:\/\/www.montsedamianabogada.com\/ca\/negligencies-mediques\/","title":{"rendered":"Neglig\u00e8ncies m\u00e8diques"},"content":{"rendered":"<p>[vc_row el_class=&#8221;justify&#8221;][vc_column width=&#8221;1\/3&#8243;]<div class=\"ult-spacer spacer-69f2a1cad32ed\" data-id=\"69f2a1cad32ed\" data-height=\"70\" data-height-mobile=\"70\" data-height-tab=\"70\" data-height-tab-portrait=\"\" data-height-mobile-landscape=\"\" style=\"clear:both;display:block;\"><\/div>[vc_single_image image=&#8221;7929&#8243; img_size=&#8221;full&#8221;][\/vc_column][vc_column width=&#8221;2\/3&#8243;]<div class=\"ult-spacer spacer-69f2a1cad32fa\" data-id=\"69f2a1cad32fa\" data-height=\"80\" data-height-mobile=\"80\" data-height-tab=\"80\" data-height-tab-portrait=\"\" data-height-mobile-landscape=\"\" style=\"clear:both;display:block;\"><\/div>[vc_column_text]Per a reclamar per un error o neglig\u00e8ncia m\u00e8dica resulta imprescindible un assessorament molt especialitzat aix\u00ed com la intervenci\u00f3 de diferents professionals. Aix\u00ed es fa prec\u00eds comptar amb a col\u00b7laboraci\u00f3 de perits \u00a0m\u00e8dics que recolzin la nostra reclamaci\u00f3.<\/p>\n<p>Tots els professionals de la salut es troben subjectes a la denominada LEX ARTIS la qual implica que exerceixin la seva professi\u00f3 amb rigor i honestedat, aix\u00ed com sota els criteris m\u00e8dics i protocols que la llei i reglaments exigeixin en cada moment. No actuar en base a aquests par\u00e0metres condueix a qu\u00e8 es procedeixi a dur a terme una actuaci\u00f3 de \u201cmala praxis\u201d que pot arribar a suposar una neglig\u00e8ncia m\u00e8dica amb resultats irreversibles en moltes ocasions, tant per al pacient com per a la seva fam\u00edlia.<\/p>\n<p>Arribats en aquest punt, hem de fer un estudi respecte de la viabilitat de la reclamaci\u00f3 tot analitzant tota la documentaci\u00f3 i consideracions m\u00e8diques.<\/p>\n<p>Tota reclamaci\u00f3 en aquesta \u00e0rea t\u00e9 uns terminis per a ser interposada, amb la qual cosa es torna totalment necessari la intervenci\u00f3 d\u2019un professional del dret que no nom\u00e9s ens ajudi a obtenir tota la documental m\u00e8dica i historial cl\u00ednic sin\u00f3 que reclami enfront l\u2019administraci\u00f3 sanit\u00e0ria, l\u2019hospital o centre m\u00e8dic privat, i fer-ho \u00a0dins dels termes i pla\u00e7os legalment establerts, donat que si no \u00e9s fes correctament podria perdre\u2019s la opci\u00f3 de reclamar en un futur.[\/vc_column_text]<div class=\"ult-spacer spacer-69f2a1cad3304\" data-id=\"69f2a1cad3304\" data-height=\"60\" data-height-mobile=\"60\" data-height-tab=\"60\" data-height-tab-portrait=\"\" data-height-mobile-landscape=\"\" style=\"clear:both;display:block;\"><\/div>[\/vc_column][\/vc_row][vc_row full_width=&#8221;stretch_row&#8221; bg_type=&#8221;bg_color&#8221; bg_color_value=&#8221;#f3efed&#8221;][vc_column]<div class=\"ult-spacer spacer-69f2a1cad330c\" data-id=\"69f2a1cad330c\" data-height=\"60\" data-height-mobile=\"60\" data-height-tab=\"60\" data-height-tab-portrait=\"\" data-height-mobile-landscape=\"\" style=\"clear:both;display:block;\"><\/div><div id=\"ultimate-heading-62869f2a1cad3329\" class=\"uvc-heading ult-adjust-bottom-margin ultimate-heading-62869f2a1cad3329 uvc-1124 \" data-hspacer=\"line_only\"  data-halign=\"left\" style=\"text-align:left\"><div class=\"uvc-main-heading ult-responsive\"  data-ultimate-target='.uvc-heading.ultimate-heading-62869f2a1cad3329 h3'  data-responsive-json-new='{\"font-size\":\"\",\"line-height\":\"\"}' ><h3 style=\"font-weight:normal;\">Dret Sanitari o M\u00e8dic<\/h3><\/div><div class=\"uvc-heading-spacer line_only\" style=\"topheight:2px;\"><span class=\"uvc-headings-line\" style=\"border-style:solid;border-bottom-width:2px;border-color:#661414;width:80px;\"><\/span><\/div><\/div><div class=\"ult-spacer spacer-69f2a1cad333c\" data-id=\"69f2a1cad333c\" data-height=\"30\" data-height-mobile=\"30\" data-height-tab=\"30\" data-height-tab-portrait=\"\" data-height-mobile-landscape=\"\" style=\"clear:both;display:block;\"><\/div>[\/vc_column][\/vc_row][vc_row full_width=&#8221;stretch_row&#8221; bg_type=&#8221;bg_color&#8221; bg_color_value=&#8221;#f3efed&#8221;][vc_column width=&#8221;1\/2&#8243; el_class=&#8221;justify&#8221; css=&#8221;.vc_custom_1480499747878{padding-right: 50px !important;}&#8221;]<div class=\"aio-icon-component   style_1 upper_icon_index-0\"><div id=\"Info-box-wrap-8031\" class=\"aio-icon-box default-icon\" style=\"\"  ><div class=\"aio-icon-default\"><div class=\"ult-just-icon-wrapper  \"><div class=\"align-icon\" style=\"text-align:center;\">\n<div class=\"aio-icon none \" data-animation=\"fadeIn\" data-animation-delay=\"03\" style=\"color:#661414;font-size:18px;display:inline-block;\">\n\t<i class=\"line-icons-check-square\"><\/i>\n<\/div><\/div><\/div><\/div><div class=\"aio-icon-header\" ><h3 class=\"aio-icon-title ult-responsive\"  data-ultimate-target='#Info-box-wrap-8031 .aio-icon-title'  data-responsive-json-new='{\"font-size\":\"\",\"line-height\":\"\"}'  style=\"\">Neglig\u00e8ncies m\u00e8diques<\/h3><\/div> <!-- header --><\/div> <!-- aio-icon-box --><\/div> <!-- aio-icon-component --><style>#Info-box-wrap-8031 .aio-icon:after{box-shadow: 0 0 0 2px #ffffff !important;}<\/style><div class=\"ult-spacer spacer-69f2a1cad33f0\" data-id=\"69f2a1cad33f0\" data-height=\"15\" data-height-mobile=\"15\" data-height-tab=\"15\" data-height-tab-portrait=\"\" data-height-mobile-landscape=\"\" style=\"clear:both;display:block;\"><\/div><div class=\"aio-icon-component   style_1 upper_icon_index-0\"><div id=\"Info-box-wrap-7469\" class=\"aio-icon-box default-icon\" style=\"\"  ><div class=\"aio-icon-default\"><div class=\"ult-just-icon-wrapper  \"><div class=\"align-icon\" style=\"text-align:center;\">\n<div class=\"aio-icon none \" data-animation=\"fadeIn\" data-animation-delay=\"03\" style=\"color:#661414;font-size:18px;display:inline-block;\">\n\t<i class=\"line-icons-check-square\"><\/i>\n<\/div><\/div><\/div><\/div><div class=\"aio-icon-header\" ><h3 class=\"aio-icon-title ult-responsive\"  data-ultimate-target='#Info-box-wrap-7469 .aio-icon-title'  data-responsive-json-new='{\"font-size\":\"\",\"line-height\":\"\"}'  style=\"\">Error de diagn\u00f2stic.<\/h3><\/div> <!-- header --><\/div> <!-- aio-icon-box --><\/div> <!-- aio-icon-component --><style>#Info-box-wrap-7469 .aio-icon:after{box-shadow: 0 0 0 2px #ffffff !important;}<\/style><div class=\"ult-spacer spacer-69f2a1cad3445\" data-id=\"69f2a1cad3445\" data-height=\"15\" data-height-mobile=\"15\" data-height-tab=\"15\" data-height-tab-portrait=\"\" data-height-mobile-landscape=\"\" style=\"clear:both;display:block;\"><\/div><div class=\"aio-icon-component   style_1 upper_icon_index-0\"><div id=\"Info-box-wrap-4403\" class=\"aio-icon-box default-icon\" style=\"\"  ><div class=\"aio-icon-default\"><div class=\"ult-just-icon-wrapper  \"><div class=\"align-icon\" style=\"text-align:center;\">\n<div class=\"aio-icon none \" data-animation=\"fadeIn\" data-animation-delay=\"03\" style=\"color:#661414;font-size:18px;display:inline-block;\">\n\t<i class=\"line-icons-check-square\"><\/i>\n<\/div><\/div><\/div><\/div><div class=\"aio-icon-header\" ><h3 class=\"aio-icon-title ult-responsive\"  data-ultimate-target='#Info-box-wrap-4403 .aio-icon-title'  data-responsive-json-new='{\"font-size\":\"\",\"line-height\":\"\"}'  style=\"\">Historial cl\u00ednic.<\/h3><\/div> <!-- header --><\/div> <!-- aio-icon-box --><\/div> <!-- aio-icon-component --><style>#Info-box-wrap-4403 .aio-icon:after{box-shadow: 0 0 0 2px #ffffff !important;}<\/style><div class=\"ult-spacer spacer-69f2a1cad3493\" data-id=\"69f2a1cad3493\" data-height=\"15\" data-height-mobile=\"15\" data-height-tab=\"15\" data-height-tab-portrait=\"\" data-height-mobile-landscape=\"\" style=\"clear:both;display:block;\"><\/div><div class=\"aio-icon-component   style_1 upper_icon_index-0\"><div id=\"Info-box-wrap-4657\" class=\"aio-icon-box default-icon\" style=\"\"  ><div class=\"aio-icon-default\"><div class=\"ult-just-icon-wrapper  \"><div class=\"align-icon\" style=\"text-align:center;\">\n<div class=\"aio-icon none \" data-animation=\"fadeIn\" data-animation-delay=\"03\" style=\"color:#661414;font-size:18px;display:inline-block;\">\n\t<i class=\"line-icons-check-square\"><\/i>\n<\/div><\/div><\/div><\/div><div class=\"aio-icon-header\" ><h3 class=\"aio-icon-title ult-responsive\"  data-ultimate-target='#Info-box-wrap-4657 .aio-icon-title'  data-responsive-json-new='{\"font-size\":\"\",\"line-height\":\"\"}'  style=\"\">Informaci\u00f3 al pacient. <\/h3><\/div> <!-- header --><\/div> <!-- aio-icon-box --><\/div> <!-- aio-icon-component --><style>#Info-box-wrap-4657 .aio-icon:after{box-shadow: 0 0 0 2px #ffffff !important;}<\/style><div class=\"ult-spacer spacer-69f2a1cad34e0\" data-id=\"69f2a1cad34e0\" data-height=\"30\" data-height-mobile=\"15\" data-height-tab=\"\" data-height-tab-portrait=\"\" data-height-mobile-landscape=\"\" style=\"clear:both;display:block;\"><\/div>[\/vc_column][vc_column width=&#8221;1\/2&#8243; el_class=&#8221;justify&#8221; css=&#8221;.vc_custom_1480499753809{padding-right: 50px !important;}&#8221;]<div class=\"aio-icon-component   style_1 upper_icon_index-0\"><div id=\"Info-box-wrap-3397\" class=\"aio-icon-box default-icon\" style=\"\"  ><div class=\"aio-icon-default\"><div class=\"ult-just-icon-wrapper  \"><div class=\"align-icon\" style=\"text-align:center;\">\n<div class=\"aio-icon none \" data-animation=\"fadeIn\" data-animation-delay=\"03\" style=\"color:#661414;font-size:18px;display:inline-block;\">\n\t<i class=\"line-icons-check-square\"><\/i>\n<\/div><\/div><\/div><\/div><div class=\"aio-icon-header\" ><h3 class=\"aio-icon-title ult-responsive\"  data-ultimate-target='#Info-box-wrap-3397 .aio-icon-title'  data-responsive-json-new='{\"font-size\":\"\",\"line-height\":\"\"}'  style=\"\">Reclamaci\u00f3 de lesions i seq\u00fcel.les per mala praxis<\/h3><\/div> <!-- header --><\/div> <!-- aio-icon-box --><\/div> <!-- aio-icon-component --><style>#Info-box-wrap-3397 .aio-icon:after{box-shadow: 0 0 0 2px #ffffff !important;}<\/style><div class=\"ult-spacer spacer-69f2a1cad352c\" data-id=\"69f2a1cad352c\" data-height=\"15\" data-height-mobile=\"15\" data-height-tab=\"15\" data-height-tab-portrait=\"\" data-height-mobile-landscape=\"\" style=\"clear:both;display:block;\"><\/div><div class=\"aio-icon-component   style_1 upper_icon_index-0\"><div id=\"Info-box-wrap-3954\" class=\"aio-icon-box default-icon\" style=\"\"  ><div class=\"aio-icon-default\"><div class=\"ult-just-icon-wrapper  \"><div class=\"align-icon\" style=\"text-align:center;\">\n<div class=\"aio-icon none \" data-animation=\"fadeIn\" data-animation-delay=\"03\" style=\"color:#661414;font-size:18px;display:inline-block;\">\n\t<i class=\"line-icons-check-square\"><\/i>\n<\/div><\/div><\/div><\/div><div class=\"aio-icon-header\" ><h3 class=\"aio-icon-title ult-responsive\"  data-ultimate-target='#Info-box-wrap-3954 .aio-icon-title'  data-responsive-json-new='{\"font-size\":\"\",\"line-height\":\"\"}'  style=\"\">Reclamaci\u00f3 patrimonial enfront l\u2019administraci\u00f3 p\u00fablica sanitaria.<\/h3><\/div> <!-- header --><\/div> <!-- aio-icon-box --><\/div> <!-- aio-icon-component --><style>#Info-box-wrap-3954 .aio-icon:after{box-shadow: 0 0 0 2px #ffffff !important;}<\/style><div class=\"ult-spacer spacer-69f2a1cad3575\" data-id=\"69f2a1cad3575\" data-height=\"15\" data-height-mobile=\"15\" data-height-tab=\"15\" data-height-tab-portrait=\"\" data-height-mobile-landscape=\"\" style=\"clear:both;display:block;\"><\/div><div class=\"aio-icon-component   style_1 upper_icon_index-0\"><div id=\"Info-box-wrap-6031\" class=\"aio-icon-box default-icon\" style=\"\"  ><div class=\"aio-icon-default\"><div class=\"ult-just-icon-wrapper  \"><div class=\"align-icon\" style=\"text-align:center;\">\n<div class=\"aio-icon none \" data-animation=\"fadeIn\" data-animation-delay=\"03\" style=\"color:#661414;font-size:18px;display:inline-block;\">\n\t<i class=\"line-icons-check-square\"><\/i>\n<\/div><\/div><\/div><\/div><div class=\"aio-icon-header\" ><h3 class=\"aio-icon-title ult-responsive\"  data-ultimate-target='#Info-box-wrap-6031 .aio-icon-title'  data-responsive-json-new='{\"font-size\":\"\",\"line-height\":\"\"}'  style=\"\">Neglig\u00e8ncies m\u00e8diques amb resultat de mort.<\/h3><\/div> <!-- header --><\/div> <!-- aio-icon-box --><\/div> <!-- aio-icon-component --><style>#Info-box-wrap-6031 .aio-icon:after{box-shadow: 0 0 0 2px #ffffff !important;}<\/style><div class=\"ult-spacer spacer-69f2a1cad35bc\" data-id=\"69f2a1cad35bc\" data-height=\"15\" data-height-mobile=\"15\" data-height-tab=\"15\" data-height-tab-portrait=\"\" data-height-mobile-landscape=\"\" style=\"clear:both;display:block;\"><\/div><div class=\"aio-icon-component   style_1 upper_icon_index-0\"><div id=\"Info-box-wrap-2624\" class=\"aio-icon-box default-icon\" style=\"\"  ><div class=\"aio-icon-default\"><div class=\"ult-just-icon-wrapper  \"><div class=\"align-icon\" style=\"text-align:center;\">\n<div class=\"aio-icon none \" data-animation=\"fadeIn\" data-animation-delay=\"03\" style=\"color:#661414;font-size:18px;display:inline-block;\">\n\t<i class=\"line-icons-check-square\"><\/i>\n<\/div><\/div><\/div><\/div><div class=\"aio-icon-header\" ><h3 class=\"aio-icon-title ult-responsive\"  data-ultimate-target='#Info-box-wrap-2624 .aio-icon-title'  data-responsive-json-new='{\"font-size\":\"\",\"line-height\":\"\"}'  style=\"\">Neglig\u00e8ncies m\u00e8diques amb transcend\u00e8ncia penal.<\/h3><\/div> <!-- header --><\/div> <!-- aio-icon-box --><\/div> <!-- aio-icon-component --><style>#Info-box-wrap-2624 .aio-icon:after{box-shadow: 0 0 0 2px #ffffff !important;}<\/style><div class=\"ult-spacer spacer-69f2a1cad3606\" data-id=\"69f2a1cad3606\" data-height=\"30\" data-height-mobile=\"15\" data-height-tab=\"\" data-height-tab-portrait=\"\" data-height-mobile-landscape=\"\" style=\"clear:both;display:block;\"><\/div>[\/vc_column][\/vc_row][vc_row][vc_column]<div class=\"ult-spacer spacer-69f2a1cad360d\" data-id=\"69f2a1cad360d\" data-height=\"60\" data-height-mobile=\"60\" data-height-tab=\"60\" data-height-tab-portrait=\"\" data-height-mobile-landscape=\"\" style=\"clear:both;display:block;\"><\/div><div id=\"ultimate-heading-196469f2a1cad361c\" class=\"uvc-heading ult-adjust-bottom-margin ultimate-heading-196469f2a1cad361c uvc-6957 \" data-hspacer=\"no_spacer\"  data-halign=\"center\" style=\"text-align:center\"><div class=\"uvc-heading-spacer no_spacer\" style=\"top\"><\/div><div class=\"uvc-main-heading ult-responsive\"  data-ultimate-target='.uvc-heading.ultimate-heading-196469f2a1cad361c h2'  data-responsive-json-new='{\"font-size\":\"\",\"line-height\":\"\"}' ><h2 style=\"font-weight:normal;\">Preguntes freq\u00fcents<\/h2><\/div><\/div><div class=\"ult-spacer spacer-69f2a1cad3628\" data-id=\"69f2a1cad3628\" data-height=\"30\" data-height-mobile=\"30\" data-height-tab=\"30\" data-height-tab-portrait=\"\" data-height-mobile-landscape=\"\" style=\"clear:both;display:block;\"><\/div>[vc_tta_accordion shape=&#8221;square&#8221; color=&#8221;white&#8221; active_section=&#8221;1&#8243;][vc_tta_section title=&#8221;\u00bf Qu\u00e8 \u00e9s la mala praxis?&#8221; tab_id=&#8221;1480499867430-d520d757-5496&#8243;][vc_column_text]La mala praxis \u00e9s com es denomina l\u2019actuaci\u00f3 m\u00e8dica o sanit\u00e0ria que es duu a terme per els professionals d\u2019aquesta branca i que \u00e9s contr\u00e0ria a la llei m\u00e8dica aplicable en el moment aix\u00ed com inadequada a la dilig\u00e8ncia exigible en tot cas. Parlar\u00edem, per exemple, de no fer \u00fas de tota l\u2019aparatologia \u00a0precisa per tal de fer un diagn\u00f2stic i per tant poder equivocar-se en ell, o no prescriure\u2019s i pautar-se un tractament m\u00e8dic adequat, o incl\u00fas no atendre correctament a un pacient.<\/p>\n<p>Tota mala praxis ha de ser identificada i denunciar-ne les seves conseq\u00fc\u00e8ncies. Aix\u00ed s\u2019hauria de reclamar els perjudicis soferts i rescabalar una indemnitzaci\u00f3 tota vegada que evitar\u00edem que la mateixa situaci\u00f3 fos viscuda per cap altra persona.[\/vc_column_text][\/vc_tta_section][vc_tta_section title=&#8221;Crec que he patit una neglig\u00e8ncia m\u00e8dica a l\u2019hopistal de la Seguretat Social, \u00bf puc reclamar igualment?&#8221; tab_id=&#8221;1480499867847-0e7ea9e6-b11a&#8221;][vc_column_text]Que es tracti d\u2019un centre hospitalari p\u00fablic no limita que, si ha existit una neglig\u00e8ncia m\u00e8dica, pugui vost\u00e8 reclamar. Evidentment tamb\u00e9 pot fer-ho en cas que el fet hagi ocorregut en un centre m\u00e8dic privat. Ara b\u00e9, si la reclamaci\u00f3 a una cl\u00ednica o centre m\u00e8dic privats la reclamaci\u00f3 va per una via, la que es faci enfront els centres m\u00e8dics de la Seguretat Social anir\u00e0 per una altra. Ens referim a qu\u00e8 donat que ens trobem davant de l\u2019administraci\u00f3 p\u00fablica, s\u2019exigeixen una s\u00e8rie de requisits molt m\u00e9s espec\u00edfics en la reclamaci\u00f3, fins el punt que si ens saltem qualsevulla pas podr\u00edem invalidar una futura reclamaci\u00f3. Aix\u00ed, abans d\u2019acudir als Jutjats, hem de reclamar enfront l\u2019administraci\u00f3 p\u00fablica de la que es tracti i que estigui al capdavant de l\u2019hospital o centre m\u00e8dic en qu\u00e8 s\u2019hagu\u00e9s produ\u00eft el fet tramitant el que s\u2019anomena una \u201creclamaci\u00f3 patrimonial pr\u00e8via\u201d.[\/vc_column_text][\/vc_tta_section][\/vc_tta_accordion]<div class=\"ult-spacer spacer-69f2a1cad362f\" data-id=\"69f2a1cad362f\" data-height=\"60\" data-height-mobile=\"60\" data-height-tab=\"60\" data-height-tab-portrait=\"\" data-height-mobile-landscape=\"\" style=\"clear:both;display:block;\"><\/div>[\/vc_column][\/vc_row]<\/p>\n","protected":false},"excerpt":{"rendered":"<p>[vc_row el_class=&#8221;justify&#8221;][vc_column width=&#8221;1\/3&#8243;][vc_single_image image=&#8221;7929&#8243; img_size=&#8221;full&#8221;][\/vc_column][vc_column width=&#8221;2\/3&#8243;][vc_column_text]Per a reclamar per un error o neglig\u00e8ncia m\u00e8dica resulta imprescindible un assessorament molt especialitzat aix\u00ed com la intervenci\u00f3 de diferents professionals. Aix\u00ed es fa prec\u00eds comptar amb a col\u00b7laboraci\u00f3 de perits \u00a0m\u00e8dics que recolzin la nostra reclamaci\u00f3. Tots els professionals de la salut es troben subjectes a la denominada [&hellip;]<\/p>\n","protected":false},"author":1,"featured_media":0,"parent":0,"menu_order":0,"comment_status":"closed","ping_status":"closed","template":"page.php","meta":{"footnotes":""},"class_list":["post-7918","page","type-page","status-publish","hentry"],"yoast_head":"<!-- This site is optimized with the Yoast SEO plugin v14.4.1 - https:\/\/yoast.com\/wordpress\/plugins\/seo\/ -->\n<title>Neglig\u00e8ncies m\u00e8diques - Montse Dami\u00e1n<\/title>\n<meta name=\"robots\" content=\"index, follow\" \/>\n<meta name=\"googlebot\" content=\"index, follow, max-snippet:-1, max-image-preview:large, max-video-preview:-1\" \/>\n<meta name=\"bingbot\" content=\"index, follow, max-snippet:-1, max-image-preview:large, max-video-preview:-1\" \/>\n<link rel=\"canonical\" href=\"https:\/\/www.montsedamianabogada.com\/abogado-reus-negligencia-medica\/\" \/>\n<meta property=\"og:locale\" content=\"ca_ES\" \/>\n<meta property=\"og:type\" content=\"article\" \/>\n<meta property=\"og:title\" content=\"Neglig\u00e8ncies m\u00e8diques - Montse Dami\u00e1n\" \/>\n<meta property=\"og:description\" content=\"[vc_row el_class=&#8221;justify&#8221;][vc_column width=&#8221;1\/3&#8243;][vc_single_image image=&#8221;7929&#8243; img_size=&#8221;full&#8221;][\/vc_column][vc_column width=&#8221;2\/3&#8243;][vc_column_text]Per a reclamar per un error o neglig\u00e8ncia m\u00e8dica resulta imprescindible un assessorament molt especialitzat aix\u00ed com la intervenci\u00f3 de diferents professionals. Aix\u00ed es fa prec\u00eds comptar amb a col\u00b7laboraci\u00f3 de perits \u00a0m\u00e8dics que recolzin la nostra reclamaci\u00f3. Tots els professionals de la salut es troben subjectes a la denominada [&hellip;]\" \/>\n<meta property=\"og:url\" content=\"https:\/\/www.montsedamianabogada.com\/abogado-reus-negligencia-medica\/\" \/>\n<meta property=\"og:site_name\" content=\"Montse Dami\u00e1n\" \/>\n<meta property=\"article:publisher\" content=\"https:\/\/www.facebook.com\/montsedamianabogada\/\" \/>\n<meta property=\"article:modified_time\" content=\"2017-01-11T10:34:40+00:00\" \/>\n<meta name=\"twitter:card\" content=\"summary\" \/>\n<meta name=\"twitter:creator\" content=\"@AbogadDamian\" \/>\n<meta name=\"twitter:site\" content=\"@AbogadDamian\" \/>\n<script type=\"application\/ld+json\" class=\"yoast-schema-graph\">{\"@context\":\"https:\/\/schema.org\",\"@graph\":[{\"@type\":\"Organization\",\"@id\":\"https:\/\/www.montsedamianabogada.com\/ca\/#organization\",\"name\":\"Montse Dami\\u00e1n abogada\",\"url\":\"https:\/\/www.montsedamianabogada.com\/ca\/\",\"sameAs\":[\"https:\/\/www.facebook.com\/montsedamianabogada\/\",\"https:\/\/es.linkedin.com\/in\/montse-damian-b75b31a9\",\"https:\/\/twitter.com\/AbogadDamian\"],\"logo\":{\"@type\":\"ImageObject\",\"@id\":\"https:\/\/www.montsedamianabogada.com\/ca\/#logo\",\"inLanguage\":\"ca\",\"url\":\"https:\/\/www.montsedamianabogada.com\/wp-content\/uploads\/2016\/11\/logo.png\",\"width\":350,\"height\":67,\"caption\":\"Montse Dami\\u00e1n abogada\"},\"image\":{\"@id\":\"https:\/\/www.montsedamianabogada.com\/ca\/#logo\"}},{\"@type\":\"WebSite\",\"@id\":\"https:\/\/www.montsedamianabogada.com\/ca\/#website\",\"url\":\"https:\/\/www.montsedamianabogada.com\/ca\/\",\"name\":\"Montse Dami\\u00e1n\",\"description\":\"Abogada en Reus\",\"publisher\":{\"@id\":\"https:\/\/www.montsedamianabogada.com\/ca\/#organization\"},\"potentialAction\":[{\"@type\":\"SearchAction\",\"target\":\"https:\/\/www.montsedamianabogada.com\/ca\/?s={search_term_string}\",\"query-input\":\"required name=search_term_string\"}],\"inLanguage\":\"ca\"},{\"@type\":\"WebPage\",\"@id\":\"https:\/\/www.montsedamianabogada.com\/abogado-reus-negligencia-medica\/#webpage\",\"url\":\"https:\/\/www.montsedamianabogada.com\/abogado-reus-negligencia-medica\/\",\"name\":\"Neglig\\u00e8ncies m\\u00e8diques - Montse Dami\\u00e1n\",\"isPartOf\":{\"@id\":\"https:\/\/www.montsedamianabogada.com\/ca\/#website\"},\"datePublished\":\"2016-12-03T06:47:08+00:00\",\"dateModified\":\"2017-01-11T10:34:40+00:00\",\"inLanguage\":\"ca\",\"potentialAction\":[{\"@type\":\"ReadAction\",\"target\":[\"https:\/\/www.montsedamianabogada.com\/abogado-reus-negligencia-medica\/\"]}]}]}<\/script>\n<!-- \/ Yoast SEO plugin. -->","_links":{"self":[{"href":"https:\/\/www.montsedamianabogada.com\/ca\/wp-json\/wp\/v2\/pages\/7918"}],"collection":[{"href":"https:\/\/www.montsedamianabogada.com\/ca\/wp-json\/wp\/v2\/pages"}],"about":[{"href":"https:\/\/www.montsedamianabogada.com\/ca\/wp-json\/wp\/v2\/types\/page"}],"author":[{"embeddable":true,"href":"https:\/\/www.montsedamianabogada.com\/ca\/wp-json\/wp\/v2\/users\/1"}],"replies":[{"embeddable":true,"href":"https:\/\/www.montsedamianabogada.com\/ca\/wp-json\/wp\/v2\/comments?post=7918"}],"version-history":[{"count":5,"href":"https:\/\/www.montsedamianabogada.com\/ca\/wp-json\/wp\/v2\/pages\/7918\/revisions"}],"predecessor-version":[{"id":8148,"href":"https:\/\/www.montsedamianabogada.com\/ca\/wp-json\/wp\/v2\/pages\/7918\/revisions\/8148"}],"wp:attachment":[{"href":"https:\/\/www.montsedamianabogada.com\/ca\/wp-json\/wp\/v2\/media?parent=7918"}],"curies":[{"name":"wp","href":"https:\/\/api.w.org\/{rel}","templated":true}]}}