{"id":8046,"date":"2016-12-12T09:11:53","date_gmt":"2016-12-12T09:11:53","guid":{"rendered":"http:\/\/www.montsedamianabogada.com\/ca\/?page_id=8046"},"modified":"2020-05-13T17:53:20","modified_gmt":"2020-05-13T17:53:20","slug":"index","status":"publish","type":"page","link":"https:\/\/www.montsedamianabogada.com\/ca\/","title":{"rendered":"index"},"content":{"rendered":"<p>[vc_row full_width=&#8221;stretch_row&#8221; bg_type=&#8221;video&#8221; video_url=&#8221;http:\/\/www.montsedamianabogada.com\/wp-content\/uploads\/2016\/12\/Crowd-of-people-walking-on-bridge-in-London-Stock-Footage.mp4&#8243; video_opts=&#8221;loop&#8221; viewport_vdo=&#8221;viewport_play&#8221; enable_overlay=&#8221;enable_overlay_value&#8221; overlay_color=&#8221;rgba(0,0,0,0.6)&#8221; css=&#8221;.vc_custom_1485532071457{padding-top: 400px !important;padding-bottom: 400px !important;}&#8221; el_class=&#8221;video&#8221;][vc_column]<div id=\"uvc-type-wrap-4690\"  data-ultimate-target='#uvc-type-wrap-4690'  data-responsive-json-new='{\"font-size\":\"desktop:36px;\",\"line-height\":\"\"}'  class=\"uvc-type-wrap  ult-adjust-bottom-margin ult-responsive  uvc-type-align-center uvc-type-no-prefix uvc-wrap-160209292169f2a0fa410fb\" style=\"font-weight:300;text-align:center;\"><span id=\"typed-160209292169f2a0fa410fb\" class=\"ultimate-typed-main \" style=\"color:#ffffff;\"><\/span><script type=\"text\/javascript\"> jQuery(function($){ $(\"#typed-160209292169f2a0fa410fb\").typed({\n\t\t\t\t\t\t\t\tstrings: [\"Defensem els seus drets\",\"Lluitem per les seves llibertats\"],\n\t\t\t\t\t\t\t\ttypeSpeed: 60,\n\t\t\t\t\t\t\t\tbackSpeed: 0,\n\t\t\t\t\t\t\t\tstartDelay: 200,\n\t\t\t\t\t\t\t\tbackDelay: 1500,\n\t\t\t\t\t\t\t\tloop: true,\n\t\t\t\t\t\t\t\tloopCount: false,\n\t\t\t\t\t\t\t\tshowCursor: true,\n\t\t\t\t\t\t\t\tcursorChar: \"|\",\n\t\t\t\t\t\t\t\tattr: null\n\t\t\t\t\t\t\t});\n\t\t\t\t\t\t});\n\t\t\t\t\t<\/script><style>\n\t\t\t\t\t\t\t.uvc-wrap-160209292169f2a0fa410fb .typed-cursor {\n\t\t\t\t\t\t\t\tcolor:#ffffff;\n\t\t\t\t\t\t\t}\n\t\t\t\t\t\t<\/style><\/div>[\/vc_column][\/vc_row][vc_row full_width=&#8221;stretch_row&#8221; bg_type=&#8221;image&#8221; parallax_style=&#8221;vcpb-default&#8221; bg_image_new=&#8221;id^8098|url^http:\/\/www.montsedamianabogada.com\/wp-content\/uploads\/2016\/11\/presentacion-abogada-reus-montse-damin-4.jpg|caption^null|alt^presentacion-abogada-reus-montse-damin|title^presentacion-abogada-reus-montse-damin-4|description^null&#8221; css=&#8221;.vc_custom_1589392321220{padding-top: 20px !important;}&#8221; el_class=&#8221;padding-montse&#8221;][vc_column width=&#8221;1\/2&#8243;][\/vc_column][vc_column width=&#8221;1\/2&#8243;]<div class=\"ult-spacer spacer-69f2a0fa41166\" data-id=\"69f2a0fa41166\" data-height=\"30\" data-height-mobile=\"200\" data-height-tab=\"\" data-height-tab-portrait=\"200\" data-height-mobile-landscape=\"\" style=\"clear:both;display:block;\"><\/div><div id=\"ultimate-heading-12369f2a0fa41187\" class=\"uvc-heading ult-adjust-bottom-margin ultimate-heading-12369f2a0fa41187 uvc-5730 quote justify\" data-hspacer=\"no_spacer\"  data-halign=\"center\" style=\"text-align:center\"><div class=\"uvc-heading-spacer no_spacer\" style=\"top\"><\/div><div class=\"uvc-sub-heading ult-responsive\"  data-ultimate-target='.uvc-heading.ultimate-heading-12369f2a0fa41187 .uvc-sub-heading '  data-responsive-json-new='{\"font-size\":\"desktop:24px;tablet:18px;tablet_portrait:18px;mobile_landscape:18px;mobile:16px;\",\"line-height\":\"desktop:30px;tablet:18px;tablet_portrait:18px;mobile_landscape:18px;mobile:14px;\"}'  style=\"font-weight:500;color:#ffffff;\">La Just\u00edcia, en moltes ocasions si no \u00e9s r\u00e0pida, no \u00e9s just\u00edcia<\/div><\/div><div class=\"ult-spacer spacer-69f2a0fa4119d\" data-id=\"69f2a0fa4119d\" data-height=\"30\" data-height-mobile=\"30\" data-height-tab=\"30\" data-height-tab-portrait=\"\" data-height-mobile-landscape=\"\" style=\"clear:both;display:block;\"><\/div><div id=\"ultimate-heading-852169f2a0fa411b5\" class=\"uvc-heading ult-adjust-bottom-margin ultimate-heading-852169f2a0fa411b5 uvc-9453 quote justify\" data-hspacer=\"no_spacer\"  data-halign=\"center\" style=\"text-align:center\"><div class=\"uvc-heading-spacer no_spacer\" style=\"top\"><\/div><div class=\"uvc-sub-heading ult-responsive\"  data-ultimate-target='.uvc-heading.ultimate-heading-852169f2a0fa411b5 .uvc-sub-heading '  data-responsive-json-new='{\"font-size\":\"desktop:18px;\",\"line-height\":\"desktop:24px;\"}'  style=\"font-weight:normal;font-style:normal;color:#ffffff;\">Per aix\u00f2 ha d&#8217;afegir-se als valors propis de l&#8217;exercici de l&#8217;advocacia tals com el comprom\u00eds i el rigor, els de l&#8217;honestedat, la dedicaci\u00f3 i la const\u00e0ncia.<\/div><\/div><div class=\"ult-spacer spacer-69f2a0fa411c7\" data-id=\"69f2a0fa411c7\" data-height=\"30\" data-height-mobile=\"30\" data-height-tab=\"30\" data-height-tab-portrait=\"\" data-height-mobile-landscape=\"\" style=\"clear:both;display:block;\"><\/div>[vc_single_image image=&#8221;7215&#8243; img_size=&#8221;full&#8221; alignment=&#8221;center&#8221;][\/vc_column][\/vc_row][vc_row][vc_column]<div class=\"ult-spacer spacer-69f2a0fa411d2\" data-id=\"69f2a0fa411d2\" data-height=\"80\" data-height-mobile=\"80\" data-height-tab=\"80\" data-height-tab-portrait=\"\" data-height-mobile-landscape=\"\" style=\"clear:both;display:block;\"><\/div><div id=\"ultimate-heading-315969f2a0fa411df\" class=\"uvc-heading ult-adjust-bottom-margin ultimate-heading-315969f2a0fa411df uvc-9735 \" data-hspacer=\"no_spacer\"  data-halign=\"center\" style=\"text-align:center\"><div class=\"uvc-heading-spacer no_spacer\" style=\"top\"><\/div><div class=\"uvc-main-heading ult-responsive\"  data-ultimate-target='.uvc-heading.ultimate-heading-315969f2a0fa411df h2'  data-responsive-json-new='{\"font-size\":\"\",\"line-height\":\"\"}' ><h2 style=\"font-weight:normal;\">\u00c0rees legals<\/h2><\/div><\/div><div class=\"ult-spacer spacer-69f2a0fa411ef\" data-id=\"69f2a0fa411ef\" data-height=\"60\" data-height-mobile=\"60\" data-height-tab=\"60\" data-height-tab-portrait=\"\" data-height-mobile-landscape=\"\" style=\"clear:both;display:block;\"><\/div>[vc_row_inner][vc_column_inner width=&#8221;1\/2&#8243;]<div class=\"smile_icon_list_wrap ult-adjust-bottom-margin  \"><ul class=\"smile_icon_list right square with_bg\"><li class=\"icon_list_item\" style=\" font-size:96px;\"><div class=\"icon_list_icon\" data-animation=\"fadeIn\" data-animation-delay=\"03\" style=\"font-size:32px;border-width:1px;border-style:none;background:#ffffff;color:#661414;border-color:#333333;\"><img decoding=\"async\" class=\"list-img-icon\" alt=\"derecho-de-familia-reus\" src=\"https:\/\/www.montsedamianabogada.com\/wp-content\/uploads\/2016\/11\/home-1.png\"\/><\/div><div class=\"icon_description\" id=\"Info-list-wrap-7093\"><h3 class=\"ult-responsive\"  data-ultimate-target='#Info-list-wrap-7093 h3'  data-responsive-json-new='{\"font-size\":\"desktop:16px;\",\"line-height\":\"desktop:24px;\"}'  style=\"\">Dret de fam\u00edlia<\/h3><div class=\"icon_description_text ult-responsive\"  data-ultimate-target='#Info-list-wrap-7093 .icon_description_text'  data-responsive-json-new='{\"font-size\":\"desktop:13px;\",\"line-height\":\"desktop:18px;\"}'  style=\"\"><p>Separacions o divorcis, revisions de pensions, r\u00e8gims de visita, reclamacions de pensions, separacions de parelles de fet, confecci\u00f3 testaments.<\/p>\n<\/div><\/div><div class=\"icon_list_connector\"  style=\"border-color:;\"><\/div><a href=\"https:\/\/www.montsedamianabogada.com\/ca\/dret-de-familia\/\" class=\"ulimate-info-list-link\" ><\/a><\/li><li class=\"icon_list_item\" style=\" font-size:96px;\"><div class=\"icon_list_icon\" data-animation=\"fadeIn\" data-animation-delay=\"03\" style=\"font-size:32px;border-width:1px;border-style:none;background:#ffffff;color:#661414;border-color:#333333;\"><img decoding=\"async\" class=\"list-img-icon\" alt=\"abogada-derecho-civil-reus\" src=\"https:\/\/www.montsedamianabogada.com\/wp-content\/uploads\/2016\/11\/libra.png\"\/><\/div><div class=\"icon_description\" id=\"Info-list-wrap-5619\"><h3 class=\"ult-responsive\"  data-ultimate-target='#Info-list-wrap-5619 h3'  data-responsive-json-new='{\"font-size\":\"desktop:16px;\",\"line-height\":\"desktop:24px;\"}'  style=\"\">Dret civil<\/h3><div class=\"icon_description_text ult-responsive\"  data-ultimate-target='#Info-list-wrap-5619 .icon_description_text'  data-responsive-json-new='{\"font-size\":\"desktop:13px;\",\"line-height\":\"desktop:18px;\"}'  style=\"\"><p>Accidents de tr\u00e0nsit i responsabilitat civil, reclamacions per obligacions i contractes, gesti\u00f3 de cobrament d&#8217;her\u00e8ncies amb i sense testament previ, testaments i donacions.<\/p>\n<\/div><\/div><div class=\"icon_list_connector\"  style=\"border-color:;\"><\/div><a href=\"https:\/\/www.montsedamianabogada.com\/ca\/dret-civil\/\" class=\"ulimate-info-list-link\" ><\/a><\/li><li class=\"icon_list_item\" style=\" font-size:96px;\"><div class=\"icon_list_icon\" data-animation=\"fadeIn\" data-animation-delay=\"03\" style=\"font-size:32px;border-width:1px;border-style:none;background:#ffffff;color:#661414;border-color:#333333;\"><img decoding=\"async\" class=\"list-img-icon\" alt=\"abogado-derecho-penal-en-reus\" src=\"https:\/\/www.montsedamianabogada.com\/wp-content\/uploads\/2016\/11\/gavel.png\"\/><\/div><div class=\"icon_description\" id=\"Info-list-wrap-1113\"><h3 class=\"ult-responsive\"  data-ultimate-target='#Info-list-wrap-1113 h3'  data-responsive-json-new='{\"font-size\":\"desktop:16px;\",\"line-height\":\"desktop:24px;\"}'  style=\"\">Dret penal<\/h3><div class=\"icon_description_text ult-responsive\"  data-ultimate-target='#Info-list-wrap-1113 .icon_description_text'  data-responsive-json-new='{\"font-size\":\"desktop:13px;\",\"line-height\":\"desktop:18px;\"}'  style=\"\"><p>Delictes contra la seguretat vial, delictes per mala praxi professional, delictes contra la salut, integritat corporal i mental, delictes contra la llibertat i l&#8217;honor, delictes contra el patrimoni, delictes comesos per menors.<\/p>\n<\/div><\/div><div class=\"icon_list_connector\"  style=\"border-color:;\"><\/div><a href=\"https:\/\/www.montsedamianabogada.com\/ca\/dret-penal\/\" class=\"ulimate-info-list-link\" ><\/a><\/li><\/ul><\/div>[\/vc_column_inner][vc_column_inner width=&#8221;1\/2&#8243;]<div class=\"smile_icon_list_wrap ult-adjust-bottom-margin  \"><ul class=\"smile_icon_list left square with_bg\"><li class=\"icon_list_item\" style=\" font-size:96px;\"><div class=\"icon_list_icon\" data-animation=\"fadeIn\" data-animation-delay=\"03\" style=\"font-size:32px;border-width:1px;border-style:none;background:#ffffff;color:#661414;border-color:#333333;\"><img decoding=\"async\" class=\"list-img-icon\" alt=\"abogado derecho laboral reus\" src=\"https:\/\/www.montsedamianabogada.com\/wp-content\/uploads\/2016\/11\/tie.png\"\/><\/div><div class=\"icon_description\" id=\"Info-list-wrap-6687\"><h3 class=\"ult-responsive\"  data-ultimate-target='#Info-list-wrap-6687 h3'  data-responsive-json-new='{\"font-size\":\"desktop:16px;\",\"line-height\":\"desktop:24px;\"}'  style=\"\">Dret laboral i seguritat social<\/h3><div class=\"icon_description_text ult-responsive\"  data-ultimate-target='#Info-list-wrap-6687 .icon_description_text'  data-responsive-json-new='{\"font-size\":\"desktop:13px;\",\"line-height\":\"desktop:18px;\"}'  style=\"\"><p>Acomiadaments objectius, nous i improcedents, extinci\u00f3 de contracte, accidents de treball, incapacitats, reclamacions salari o pagues, assetjament laboral, impugnaci\u00f3 de sancions, etc.<\/p>\n<\/div><\/div><div class=\"icon_list_connector\"  style=\"border-color:#333333;\"><\/div><a href=\"https:\/\/www.montsedamianabogada.com\/ca\/advocat-reus-acomiadament\/\" class=\"ulimate-info-list-link\" ><\/a><\/li><li class=\"icon_list_item\" style=\" font-size:96px;\"><div class=\"icon_list_icon\" data-animation=\"fadeIn\" data-animation-delay=\"03\" style=\"font-size:32px;border-width:1px;border-style:none;background:#ffffff;color:#661414;border-color:#333333;\"><img decoding=\"async\" class=\"list-img-icon\" alt=\"null\" src=\"https:\/\/www.montsedamianabogada.com\/wp-content\/uploads\/2016\/11\/portfolio-1.png\"\/><\/div><div class=\"icon_description\" id=\"Info-list-wrap-4337\"><h3 class=\"ult-responsive\"  data-ultimate-target='#Info-list-wrap-4337 h3'  data-responsive-json-new='{\"font-size\":\"desktop:16px;\",\"line-height\":\"desktop:24px;\"}'  style=\"\">Dret bancari i immobiliari<\/h3><div class=\"icon_description_text ult-responsive\"  data-ultimate-target='#Info-list-wrap-4337 .icon_description_text'  data-responsive-json-new='{\"font-size\":\"desktop:13px;\",\"line-height\":\"desktop:18px;\"}'  style=\"\"><p>Cl\u00e0usules s\u00f2l, sostre o abusives contingudes en la seva hipoteca. Aplicaci\u00f3 de la irph, titulitzaci\u00f3 d&#8217;hipoteques i altres productes bancaris com a preferents, deute subordinat, swap.<\/p>\n<\/div><\/div><div class=\"icon_list_connector\"  style=\"border-color:#333333;\"><\/div><a href=\"https:\/\/www.montsedamianabogada.com\/ca\/clausules-sol-hipoteca\/\" class=\"ulimate-info-list-link\" ><\/a><\/li><li class=\"icon_list_item\" style=\" font-size:96px;\"><div class=\"icon_list_icon\" data-animation=\"fadeIn\" data-animation-delay=\"03\" style=\"font-size:32px;border-width:1px;border-style:none;background:#ffffff;color:#661414;border-color:#333333;\"><img decoding=\"async\" class=\"list-img-icon\" alt=\"abogado-reus-neglicencia-medica\" src=\"https:\/\/www.montsedamianabogada.com\/wp-content\/uploads\/2016\/11\/medical-result.png\"\/><\/div><div class=\"icon_description\" id=\"Info-list-wrap-3525\"><h3 class=\"ult-responsive\"  data-ultimate-target='#Info-list-wrap-3525 h3'  data-responsive-json-new='{\"font-size\":\"desktop:16px;\",\"line-height\":\"desktop:24px;\"}'  style=\"\">Neglig\u00e8ncies m\u00e8diques<\/h3><div class=\"icon_description_text ult-responsive\"  data-ultimate-target='#Info-list-wrap-3525 .icon_description_text'  data-responsive-json-new='{\"font-size\":\"desktop:13px;\",\"line-height\":\"desktop:18px;\"}'  style=\"\"><p>Neglig\u00e8ncies m\u00e8diques, errors de diagn\u00f2stic, reclamacions de lesions i seq\u00fceles per mala praxi, informaci\u00f3 al pacient i historials m\u00e8dics, reclamacions patrimonials enfront de l&#8217;administraci\u00f3 p\u00fablica, etc.<\/p>\n<\/div><\/div><div class=\"icon_list_connector\"  style=\"border-color:#333333;\"><\/div><a href=\"https:\/\/www.montsedamianabogada.com\/ca\/negligencies-mediques\/\" class=\"ulimate-info-list-link\" ><\/a><\/li><\/ul><\/div><div class=\"ult-spacer spacer-69f2a0fa41d89\" data-id=\"69f2a0fa41d89\" data-height=\"0\" data-height-mobile=\"20\" data-height-tab=\"\" data-height-tab-portrait=\"20\" data-height-mobile-landscape=\"\" style=\"clear:both;display:block;\"><\/div>[\/vc_column_inner][\/vc_row_inner]<div class=\"ult-spacer spacer-69f2a0fa41d95\" data-id=\"69f2a0fa41d95\" data-height=\"80\" data-height-mobile=\"80\" data-height-tab=\"80\" data-height-tab-portrait=\"\" data-height-mobile-landscape=\"\" style=\"clear:both;display:block;\"><\/div>[\/vc_column][\/vc_row][vc_row full_width=&#8221;stretch_row_content_no_spaces&#8221;][vc_column width=&#8221;1\/3&#8243;][vc_column_text]\r\n\t\t\t<style type=\"text\/css\">\r\n\t\t\t@import url(http:\/\/fonts.googleapis.com\/css?family=Roboto);\r\n\t\t\t<\/style>\r\n\t\t<div class=\"content\"><div class=\"grid\">\r\n\t\t\t\t\t<vubon_figure style=\"max-width: 100{6211461725b133b1216815f79b91bfedb472370f0605fef8190e74c49607a0a4}px; max-height: 360px; margin-right: px;\" class=\"effect-ming\" id=\"vubon_bor_box\">\r\n\t\t\t\t\t\t<img decoding=\"async\" src=\"http:\/\/www.montsedamianabogada.com\/wp-content\/uploads\/2016\/11\/accident.jpg\"\/>\r\n\t\t\t\t\t\t<vubon_figcaption>\r\n\t\t\t\t\t\t\t<h2 style=\"font-size:22px; font-family:Roboto; color:#ffffff;\">ACCIDENTS DE TR\u00c0NSIT<\/h2>\r\n\t\t\t\t\t\t\t<p style=\"font-family:Roboto; color:#ffffff; font-size:12px;\">Danys i reclamacions per accidentes de tr\u00e0nsit i denuncies.<\/p>\r\n\t\t\t\t\t\t\t<a target=\"\" href=\"http:\/\/www.montsedamianabogada.com\/ca\/advocada-a-reus-accident-de-transit\/\"><\/a>\r\n\t\t\t\t\t\t<\/vubon_figcaption>\t\t\t\r\n\t\t\t\t\t<\/vubon_figure>\r\n\t\t\t\t<\/div><\/div>[\/vc_column_text][\/vc_column][vc_column width=&#8221;1\/3&#8243;][vc_column_text]\r\n\t\t\t<style type=\"text\/css\">\r\n\t\t\t@import url(http:\/\/fonts.googleapis.com\/css?family=);\r\n\t\t\t<\/style>\r\n\t\t<div class=\"content\"><div class=\"grid\">\r\n\t\t\t\t\t<vubon_figure style=\"max-width: 100{6211461725b133b1216815f79b91bfedb472370f0605fef8190e74c49607a0a4}px; max-height: 360px; margin-right: 1px;\" class=\"effect-ming\" id=\"vubon_bor_box\">\r\n\t\t\t\t\t\t<img decoding=\"async\" src=\"http:\/\/www.montsedamianabogada.com\/wp-content\/uploads\/2016\/11\/abogado-reus-clausulas-suelo-preferentes.jpg\"\/>\r\n\t\t\t\t\t\t<vubon_figcaption>\r\n\t\t\t\t\t\t\t<h2 style=\"font-size:22px; font-family:; color:#ffffff;\">CL\u00c0USULES S\u00d2L A LA SEVA HIPOTECA<\/h2>\r\n\t\t\t\t\t\t\t<p style=\"font-family:; color:#ffffff; font-size:14px;\">Cl\u00e0usules c\u00f2l, vol, abusives a la seva hipoteca i altres productes bancaris com preferents, deute subordinat, swap.<\/p>\r\n\t\t\t\t\t\t\t<a target=\"\" href=\"http:\/\/www.montsedamianabogada.com\/ca\/clausules-sol-hipoteca\/\"><\/a>\r\n\t\t\t\t\t\t<\/vubon_figcaption>\t\t\t\r\n\t\t\t\t\t<\/vubon_figure>\r\n\t\t\t\t<\/div><\/div>[\/vc_column_text][\/vc_column][vc_column width=&#8221;1\/3&#8243;][vc_column_text]\r\n\t\t\t<style type=\"text\/css\">\r\n\t\t\t@import url(http:\/\/fonts.googleapis.com\/css?family=Roboto);\r\n\t\t\t<\/style>\r\n\t\t<div class=\"content\"><div class=\"grid\">\r\n\t\t\t\t\t<vubon_figure style=\"max-width: 100{6211461725b133b1216815f79b91bfedb472370f0605fef8190e74c49607a0a4}px; max-height: 360px; margin-right: 1px;\" class=\"effect-ming\" id=\"vubon_bor_box\">\r\n\t\t\t\t\t\t<img decoding=\"async\" src=\"http:\/\/www.montsedamianabogada.com\/wp-content\/uploads\/2016\/11\/abogado-para-divorcio-en-reus.jpg\"\/>\r\n\t\t\t\t\t\t<vubon_figcaption>\r\n\t\t\t\t\t\t\t<h2 style=\"font-size:22px; font-family:Roboto; color:#ffffff;\">DIVORCIS I SEPARACIONS<\/h2>\r\n\t\t\t\t\t\t\t<p style=\"font-family:Roboto; color:#ffffff; font-size:14px;\">Separacions o divorcis, revisions de pensions, r\u00e8gims de visita, reclamacions de pensions, separacions de parellas de fet, confecci\u00f3 de testaments.<\/p>\r\n\t\t\t\t\t\t\t<a target=\"\" href=\"http:\/\/www.montsedamianabogada.com\/ca\/dret-de-familia\/\"><\/a>\r\n\t\t\t\t\t\t<\/vubon_figcaption>\t\t\t\r\n\t\t\t\t\t<\/vubon_figure>\r\n\t\t\t\t<\/div><\/div>[\/vc_column_text][\/vc_column][\/vc_row][vc_row full_width=&#8221;stretch_row&#8221; bg_type=&#8221;bg_color&#8221; bg_color_value=&#8221;#661414&#8243; css=&#8221;.vc_custom_1479754548948{padding-top: 15px !important;padding-right: 15px !important;padding-bottom: 15px !important;padding-left: 15px !important;}&#8221;][vc_column width=&#8221;1\/2&#8243;]<div class=\"ult-animation  ult-animate-viewport  ult-no-mobile \" data-animate=\"fadeIn\" data-animation-delay=\"0\" data-animation-duration=\"3\" data-animation-iteration=\"1\" style=\"opacity:0;\" data-opacity_start_effect=\"\"><div id=\"ultib3-134406953869f2a0fa43dd1\" class=\" ultb3-box ult-adjust-bottom-margin  \" style=\"background-color: #661414;\"><div id=\"Info-banner-wrap2693\" class=\"ultb3-info ib3-info-right\" data-animation=\"fadeIn\" data-animation-delay=\"03\"><div class=\"ultb3-title ult-responsive\"  data-ultimate-target='#Info-banner-wrap2693 .ultb3-title'  data-responsive-json-new='{\"font-size\":\"desktop:28px;\",\"line-height\":\"\"}'  style=\"font-weight:normal;color:#ffffff;\">Expliqui'ns el seu cas, l'ajudarem<\/div><\/div><\/div><style>\n\t\t\t\t\t#ultib3-134406953869f2a0fa43dd1 {\n\t\t\t\t\t\tmin-height:30px;\n\t\t\t\t\t}\n\t\t\t\t\t#ultib3-134406953869f2a0fa43dd1 img.ultb3-img {\n\t\t\t\t\t\theight: px;\n\t\t\t\t\t}\n\t\t\t\t\t#ultib3-134406953869f2a0fa43dd1 .ultb3-btn {\n\t\t\t\t\t\tborder:1px solid #661414;border-radius:0px;color:#ffffff;\n\t\t\t\t\t}\n\t\t\t\t\t#ultib3-134406953869f2a0fa43dd1 .ultb3-btn:hover {\n\t\t\t\t\t\tbackground:#661414;color:#ffffff;\n\t\t\t\t\t}\n\t\t\t\t<\/style><\/div>[\/vc_column][vc_column width=&#8221;1\/2&#8243;]<div class=\"ult-animation  ult-animate-viewport  ult-no-mobile \" data-animate=\"fadeIn\" data-animation-delay=\"0\" data-animation-duration=\"3\" data-animation-iteration=\"1\" style=\"opacity:0;\" data-opacity_start_effect=\"\"><div class=\" ubtn-ctn-left \"><a class=\"ubtn-link ult-adjust-bottom-margin ubtn-left ubtn-custom \" href = \"http{6211461725b133b1216815f79b91bfedb472370f0605fef8190e74c49607a0a4}3A{6211461725b133b1216815f79b91bfedb472370f0605fef8190e74c49607a0a4}2F{6211461725b133b1216815f79b91bfedb472370f0605fef8190e74c49607a0a4}2Fwww.montsedamianabogada.com{6211461725b133b1216815f79b91bfedb472370f0605fef8190e74c49607a0a4}2Fca{6211461725b133b1216815f79b91bfedb472370f0605fef8190e74c49607a0a4}2Fcontacte{6211461725b133b1216815f79b91bfedb472370f0605fef8190e74c49607a0a4}2F\" target='' ><button type=\"button\" id=\"ubtn-4289\" class=\"ubtn ult-adjust-bottom-margin ult-responsive ubtn-custom ubtn-right-bg  none  ubtn-sep-icon ubtn-sep-icon-at-left  ubtn-left   tooltip-69f2a0fa43e5b\"  data-hover=\"#661414\" data-border-color=\"#ffffff\" data-bg=\"#661414\" data-hover-bg=\"#ffffff\" data-border-hover=\"#ffffff\" data-shadow-hover=\"\" data-shadow-click=\"none\" data-shadow=\"\" data-shd-shadow=\"\"  data-ultimate-target='#ubtn-4289'  data-responsive-json-new='{\"font-size\":\"desktop:18px;\",\"line-height\":\"\"}'  style=\"font-weight:normal;width:220px;min-height:20px;padding:10px 20px;border-radius:0px;border-width:1px;border-color:#ffffff;border-style:solid;background: #661414;color: #ffffff;\"><span class=\"ubtn-data ubtn-icon\"><i class=\"Defaults-angle-right\" style=\"font-size:24px;color:#ffffff;\"><\/i><\/span><span class=\"ubtn-hover\" style=\"background-color:#ffffff\"><\/span><span class=\"ubtn-data ubtn-text \" >Contacti'ns<\/span><\/button><\/a><\/div><\/div>[\/vc_column][\/vc_row][vc_row full_width=&#8221;stretch_row_content_no_spaces&#8221; bg_type=&#8221;bg_color&#8221; bg_color_value=&#8221;#f9f9f9&#8243;][vc_column width=&#8221;1\/2&#8243;][vc_single_image image=&#8221;7263&#8243; img_size=&#8221;full&#8221;][\/vc_column][vc_column width=&#8221;1\/2&#8243; css=&#8221;.vc_custom_1479758998247{padding-top: 90px !important;padding-right: 70px !important;padding-bottom: 0px !important;padding-left: 90px !important;}&#8221;]<div id=\"ultimate-heading-212569f2a0fa43e8e\" class=\"uvc-heading ult-adjust-bottom-margin ultimate-heading-212569f2a0fa43e8e uvc-9131 \" data-hspacer=\"no_spacer\"  data-halign=\"left\" style=\"text-align:left\"><div class=\"uvc-heading-spacer no_spacer\" style=\"top\"><\/div><div class=\"uvc-main-heading ult-responsive\"  data-ultimate-target='.uvc-heading.ultimate-heading-212569f2a0fa43e8e h2'  data-responsive-json-new='{\"font-size\":\"desktop:32px;\",\"line-height\":\"desktop:32px;\"}' ><h2 style=\"font-weight:normal;color:#661414;\">Compti amb nosaltres estigui on estigui<\/h2><\/div><\/div><div class=\"ult-spacer spacer-69f2a0fa43ea0\" data-id=\"69f2a0fa43ea0\" data-height=\"35\" data-height-mobile=\"35\" data-height-tab=\"35\" data-height-tab-portrait=\"\" data-height-mobile-landscape=\"\" style=\"clear:both;display:block;\"><\/div><div id=\"ultimate-heading-382369f2a0fa43ead\" class=\"uvc-heading ult-adjust-bottom-margin ultimate-heading-382369f2a0fa43ead uvc-6207 \" data-hspacer=\"no_spacer\"  data-halign=\"left\" style=\"text-align:left\"><div class=\"uvc-heading-spacer no_spacer\" style=\"top\"><\/div><div class=\"uvc-sub-heading ult-responsive\"  data-ultimate-target='.uvc-heading.ultimate-heading-382369f2a0fa43ead .uvc-sub-heading '  data-responsive-json-new='{\"font-size\":\"\",\"line-height\":\"\"}'  style=\"font-weight:normal;\">Des de <strong>Montse Dami\u00e1n<\/strong> volem posar-li-ho molt f\u00e0cil, per aix\u00f2, hem establert un sistema d&#8217;<strong>assessorament legal online<\/strong>.<\/p>\n<p>Perqu\u00e8 estigui on estigui poguem oferir-li tots els nostres <strong>serveis jur\u00eddics<\/strong> i se senti protegit en tot moment.<\/div><\/div><div class=\"ult-spacer spacer-69f2a0fa43eba\" data-id=\"69f2a0fa43eba\" data-height=\"25\" data-height-mobile=\"25\" data-height-tab=\"25\" data-height-tab-portrait=\"\" data-height-mobile-landscape=\"\" style=\"clear:both;display:block;\"><\/div>[vc_row_inner][vc_column_inner width=&#8221;1\/3&#8243;]<div class=\"aio-icon-component   style_1 upper_icon_index-0\"><a class=\"aio-icon-box-link\" href=\"http{6211461725b133b1216815f79b91bfedb472370f0605fef8190e74c49607a0a4}3A{6211461725b133b1216815f79b91bfedb472370f0605fef8190e74c49607a0a4}2F{6211461725b133b1216815f79b91bfedb472370f0605fef8190e74c49607a0a4}2Fwww.montsedamianabogada.com{6211461725b133b1216815f79b91bfedb472370f0605fef8190e74c49607a0a4}2Fca{6211461725b133b1216815f79b91bfedb472370f0605fef8190e74c49607a0a4}2Fadvocat-per-consultes-online{6211461725b133b1216815f79b91bfedb472370f0605fef8190e74c49607a0a4}2F\" ><div id=\"Info-box-wrap-1082\" class=\"aio-icon-box default-icon\" style=\"\"  ><div class=\"aio-icon-default\"><div class=\"ult-just-icon-wrapper  \"><div class=\"align-icon\" style=\"text-align:center;\">\n<div class=\"aio-icon-img \" style=\"font-size:64px;display:inline-block;\" >\n\t<img decoding=\"async\" class=\"img-icon\" alt=\"null\" src=\"https:\/\/www.montsedamianabogada.com\/wp-content\/uploads\/2016\/11\/videocall.png\"\/>\n<\/div><\/div><\/div><\/div><div class=\"aio-icon-header\" ><h3 class=\"aio-icon-title ult-responsive\"  data-ultimate-target='#Info-box-wrap-1082 .aio-icon-title'  data-responsive-json-new='{\"font-size\":\"desktop:16px;\",\"line-height\":\"\"}'  style=\"\">Assist\u00e8ncia online<\/h3><\/div> <!-- header --><\/div> <!-- aio-icon-box --><\/a><\/div> <!-- aio-icon-component --><style>#Info-box-wrap-1082 .aio-icon:after{box-shadow: 0 0 0 2px #ffffff !important;}<\/style>[\/vc_column_inner][vc_column_inner width=&#8221;1\/3&#8243;]<div class=\"aio-icon-component   style_1 upper_icon_index-0\"><a class=\"aio-icon-box-link\" href=\"http{6211461725b133b1216815f79b91bfedb472370f0605fef8190e74c49607a0a4}3A{6211461725b133b1216815f79b91bfedb472370f0605fef8190e74c49607a0a4}2F{6211461725b133b1216815f79b91bfedb472370f0605fef8190e74c49607a0a4}2Fwww.montsedamianabogada.com{6211461725b133b1216815f79b91bfedb472370f0605fef8190e74c49607a0a4}2Fca{6211461725b133b1216815f79b91bfedb472370f0605fef8190e74c49607a0a4}2Fadvocat-per-consultes-online{6211461725b133b1216815f79b91bfedb472370f0605fef8190e74c49607a0a4}2F\" ><div id=\"Info-box-wrap-1142\" class=\"aio-icon-box default-icon\" style=\"\"  ><div class=\"aio-icon-default\"><div class=\"ult-just-icon-wrapper  \"><div class=\"align-icon\" style=\"text-align:center;\">\n<div class=\"aio-icon-img \" style=\"font-size:64px;display:inline-block;\" >\n\t<img decoding=\"async\" class=\"img-icon\" alt=\"null\" src=\"https:\/\/www.montsedamianabogada.com\/wp-content\/uploads\/2016\/11\/smartphone.png\"\/>\n<\/div><\/div><\/div><\/div><div class=\"aio-icon-header\" ><h3 class=\"aio-icon-title ult-responsive\"  data-ultimate-target='#Info-box-wrap-1142 .aio-icon-title'  data-responsive-json-new='{\"font-size\":\"desktop:16px;\",\"line-height\":\"\"}'  style=\"\">Assist\u00e8ncia telef\u00f2nica<\/h3><\/div> <!-- header --><\/div> <!-- aio-icon-box --><\/a><\/div> <!-- aio-icon-component --><style>#Info-box-wrap-1142 .aio-icon:after{box-shadow: 0 0 0 2px #ffffff !important;}<\/style>[\/vc_column_inner][vc_column_inner width=&#8221;1\/3&#8243;]<div class=\"aio-icon-component   style_1 upper_icon_index-0\"><a class=\"aio-icon-box-link\" href=\"http{6211461725b133b1216815f79b91bfedb472370f0605fef8190e74c49607a0a4}3A{6211461725b133b1216815f79b91bfedb472370f0605fef8190e74c49607a0a4}2F{6211461725b133b1216815f79b91bfedb472370f0605fef8190e74c49607a0a4}2Fwww.montsedamianabogada.com{6211461725b133b1216815f79b91bfedb472370f0605fef8190e74c49607a0a4}2Fca{6211461725b133b1216815f79b91bfedb472370f0605fef8190e74c49607a0a4}2Fadvocat-per-consultes-online{6211461725b133b1216815f79b91bfedb472370f0605fef8190e74c49607a0a4}2F\" ><div id=\"Info-box-wrap-8097\" class=\"aio-icon-box default-icon\" style=\"\"  ><div class=\"aio-icon-default\"><div class=\"ult-just-icon-wrapper  \"><div class=\"align-icon\" style=\"text-align:center;\">\n<div class=\"aio-icon-img \" style=\"font-size:64px;display:inline-block;\" >\n\t<img decoding=\"async\" class=\"img-icon\" alt=\"null\" src=\"https:\/\/www.montsedamianabogada.com\/wp-content\/uploads\/2016\/11\/group.png\"\/>\n<\/div><\/div><\/div><\/div><div class=\"aio-icon-header\" ><h3 class=\"aio-icon-title ult-responsive\"  data-ultimate-target='#Info-box-wrap-8097 .aio-icon-title'  data-responsive-json-new='{\"font-size\":\"desktop:16px;\",\"line-height\":\"\"}'  style=\"\">Assist\u00e8ncia presencial<\/h3><\/div> <!-- header --><\/div> <!-- aio-icon-box --><\/a><\/div> <!-- aio-icon-component --><style>#Info-box-wrap-8097 .aio-icon:after{box-shadow: 0 0 0 2px #ffffff !important;}<\/style>[\/vc_column_inner][\/vc_row_inner]<div class=\"ult-animation  ult-animate-viewport  ult-no-mobile \" data-animate=\"fadeIn\" data-animation-delay=\"0\" data-animation-duration=\"3\" data-animation-iteration=\"1\" style=\"opacity:0;\" data-opacity_start_effect=\"\"><div class=\" vc_custom_1485532141847 ubtn-ctn-left \"><a class=\"ubtn-link ult-adjust-bottom-margin ubtn-left ubtn-custom \" href = \"http{6211461725b133b1216815f79b91bfedb472370f0605fef8190e74c49607a0a4}3A{6211461725b133b1216815f79b91bfedb472370f0605fef8190e74c49607a0a4}2F{6211461725b133b1216815f79b91bfedb472370f0605fef8190e74c49607a0a4}2Fwww.montsedamianabogada.com{6211461725b133b1216815f79b91bfedb472370f0605fef8190e74c49607a0a4}2Fca{6211461725b133b1216815f79b91bfedb472370f0605fef8190e74c49607a0a4}2Fadvocat-per-consultes-online{6211461725b133b1216815f79b91bfedb472370f0605fef8190e74c49607a0a4}2F\" target='' ><button type=\"button\" id=\"ubtn-9272\" class=\"ubtn ult-adjust-bottom-margin ult-responsive ubtn-custom ubtn-right-bg  none  ubtn-sep-icon ubtn-sep-icon-at-left  ubtn-left   tooltip-69f2a0fa444b4\"  data-hover=\"#661414\" data-border-color=\"#000000\" data-bg=\"\" data-hover-bg=\"#ffffff\" data-border-hover=\"#000000\" data-shadow-hover=\"\" data-shadow-click=\"none\" data-shadow=\"\" data-shd-shadow=\"\"  data-ultimate-target='#ubtn-9272'  data-responsive-json-new='{\"font-size\":\"desktop:16px;\",\"line-height\":\"\"}'  style=\"font-weight:normal;width:300px;min-height:20px;padding:10px 15px;border-radius:0px;border-width:1px;border-color:#000000;border-style:solid;color: #000000;\"><span class=\"ubtn-data ubtn-icon\"><i class=\"Defaults-skype\" style=\"font-size:20px;color:#661414;\"><\/i><\/span><span class=\"ubtn-hover\" style=\"background-color:#ffffff\"><\/span><span class=\"ubtn-data ubtn-text \" >Assist\u00e8ncia online<\/span><\/button><\/a><\/div><\/div>[\/vc_column][\/vc_row][vc_row][vc_column]<div class=\"ult-spacer spacer-69f2a0fa444d7\" data-id=\"69f2a0fa444d7\" data-height=\"60\" data-height-mobile=\"60\" data-height-tab=\"60\" data-height-tab-portrait=\"\" data-height-mobile-landscape=\"\" style=\"clear:both;display:block;\"><\/div><div id=\"ultimate-heading-953969f2a0fa444e6\" class=\"uvc-heading ult-adjust-bottom-margin ultimate-heading-953969f2a0fa444e6 uvc-2902 \" data-hspacer=\"no_spacer\"  data-halign=\"center\" style=\"text-align:center\"><div class=\"uvc-heading-spacer no_spacer\" style=\"top\"><\/div><div class=\"uvc-main-heading ult-responsive\"  data-ultimate-target='.uvc-heading.ultimate-heading-953969f2a0fa444e6 h2'  data-responsive-json-new='{\"font-size\":\"\",\"line-height\":\"\"}' ><h2 style=\"font-weight:normal;\">Noticies jur\u00eddiques<\/h2><\/div><\/div><div class=\"ult-spacer spacer-69f2a0fa444f2\" data-id=\"69f2a0fa444f2\" data-height=\"60\" data-height-mobile=\"60\" data-height-tab=\"60\" data-height-tab-portrait=\"\" data-height-mobile-landscape=\"\" style=\"clear:both;display:block;\"><\/div>[vc_widget_sidebar sidebar_id=&#8221;sidebar-widgets&#8221;]<div class=\"ult-spacer spacer-69f2a0fa444f8\" data-id=\"69f2a0fa444f8\" data-height=\"60\" data-height-mobile=\"60\" data-height-tab=\"60\" data-height-tab-portrait=\"\" data-height-mobile-landscape=\"\" style=\"clear:both;display:block;\"><\/div>[\/vc_column][\/vc_row]<\/p>\n","protected":false},"excerpt":{"rendered":"<p>[vc_row full_width=&#8221;stretch_row&#8221; bg_type=&#8221;video&#8221; video_url=&#8221;http:\/\/www.montsedamianabogada.com\/wp-content\/uploads\/2016\/12\/Crowd-of-people-walking-on-bridge-in-London-Stock-Footage.mp4&#8243; video_opts=&#8221;loop&#8221; viewport_vdo=&#8221;viewport_play&#8221; enable_overlay=&#8221;enable_overlay_value&#8221; overlay_color=&#8221;rgba(0,0,0,0.6)&#8221; css=&#8221;.vc_custom_1485532071457{padding-top: 400px !important;padding-bottom: 400px !important;}&#8221; el_class=&#8221;video&#8221;][vc_column][\/vc_column][\/vc_row][vc_row full_width=&#8221;stretch_row&#8221; bg_type=&#8221;image&#8221; parallax_style=&#8221;vcpb-default&#8221; bg_image_new=&#8221;id^8098|url^http:\/\/www.montsedamianabogada.com\/wp-content\/uploads\/2016\/11\/presentacion-abogada-reus-montse-damin-4.jpg|caption^null|alt^presentacion-abogada-reus-montse-damin|title^presentacion-abogada-reus-montse-damin-4|description^null&#8221; css=&#8221;.vc_custom_1589392321220{padding-top: 20px !important;}&#8221; el_class=&#8221;padding-montse&#8221;][vc_column width=&#8221;1\/2&#8243;][\/vc_column][vc_column width=&#8221;1\/2&#8243;][vc_single_image image=&#8221;7215&#8243; img_size=&#8221;full&#8221; alignment=&#8221;center&#8221;][\/vc_column][\/vc_row][vc_row][vc_column][vc_row_inner][vc_column_inner width=&#8221;1\/2&#8243;][\/vc_column_inner][vc_column_inner width=&#8221;1\/2&#8243;][\/vc_column_inner][\/vc_row_inner][\/vc_column][\/vc_row][vc_row full_width=&#8221;stretch_row_content_no_spaces&#8221;][vc_column width=&#8221;1\/3&#8243;][vc_column_text][\/vc_column_text][\/vc_column][vc_column width=&#8221;1\/3&#8243;][vc_column_text][\/vc_column_text][\/vc_column][vc_column width=&#8221;1\/3&#8243;][vc_column_text][\/vc_column_text][\/vc_column][\/vc_row][vc_row full_width=&#8221;stretch_row&#8221; bg_type=&#8221;bg_color&#8221; bg_color_value=&#8221;#661414&#8243; css=&#8221;.vc_custom_1479754548948{padding-top: 15px !important;padding-right: 15px !important;padding-bottom: 15px !important;padding-left: 15px !important;}&#8221;][vc_column width=&#8221;1\/2&#8243;][\/vc_column][vc_column width=&#8221;1\/2&#8243;][\/vc_column][\/vc_row][vc_row full_width=&#8221;stretch_row_content_no_spaces&#8221; bg_type=&#8221;bg_color&#8221; bg_color_value=&#8221;#f9f9f9&#8243;][vc_column width=&#8221;1\/2&#8243;][vc_single_image image=&#8221;7263&#8243; img_size=&#8221;full&#8221;][\/vc_column][vc_column width=&#8221;1\/2&#8243; css=&#8221;.vc_custom_1479758998247{padding-top: [&hellip;]<\/p>\n","protected":false},"author":1,"featured_media":0,"parent":0,"menu_order":0,"comment_status":"closed","ping_status":"closed","template":"page.php","meta":{"footnotes":""},"class_list":["post-8046","page","type-page","status-publish","hentry"],"yoast_head":"<!-- This site is optimized with the Yoast SEO plugin v14.4.1 - https:\/\/yoast.com\/wordpress\/plugins\/seo\/ -->\n<title>Abogada en Reus Montse Dami\u00e1n, abogado para divorcios en Reus<\/title>\n<meta name=\"description\" content=\"Abogada en Reus Montse Dami\u00e1n, abogado para separaciones, divorcios, reclamaciones de pensiones hijos, abogada para incapacidades, abogada laboral en Reus\" \/>\n<meta name=\"robots\" content=\"index, follow\" \/>\n<meta name=\"googlebot\" content=\"index, follow, max-snippet:-1, max-image-preview:large, max-video-preview:-1\" \/>\n<meta name=\"bingbot\" content=\"index, follow, max-snippet:-1, max-image-preview:large, max-video-preview:-1\" \/>\n<link rel=\"canonical\" href=\"https:\/\/www.montsedamianabogada.com\/ca\/\" \/>\n<meta property=\"og:locale\" content=\"ca_ES\" \/>\n<meta property=\"og:type\" content=\"article\" \/>\n<meta property=\"og:title\" content=\"Abogada en Reus Montse Dami\u00e1n, abogado para divorcios en Reus\" \/>\n<meta property=\"og:description\" content=\"Abogada en Reus Montse Dami\u00e1n, abogado para separaciones, divorcios, reclamaciones de pensiones hijos, abogada para incapacidades, abogada laboral en Reus\" \/>\n<meta property=\"og:url\" content=\"https:\/\/www.montsedamianabogada.com\/ca\/\" \/>\n<meta property=\"og:site_name\" content=\"Montse Dami\u00e1n\" \/>\n<meta property=\"article:publisher\" content=\"https:\/\/www.facebook.com\/montsedamianabogada\/\" \/>\n<meta property=\"article:modified_time\" content=\"2020-05-13T17:53:20+00:00\" \/>\n<meta name=\"twitter:card\" content=\"summary\" \/>\n<meta name=\"twitter:creator\" content=\"@AbogadDamian\" \/>\n<meta name=\"twitter:site\" content=\"@AbogadDamian\" \/>\n<script type=\"application\/ld+json\" class=\"yoast-schema-graph\">{\"@context\":\"https:\/\/schema.org\",\"@graph\":[{\"@type\":\"Organization\",\"@id\":\"https:\/\/www.montsedamianabogada.com\/ca\/#organization\",\"name\":\"Montse Dami\\u00e1n abogada\",\"url\":\"https:\/\/www.montsedamianabogada.com\/ca\/\",\"sameAs\":[\"https:\/\/www.facebook.com\/montsedamianabogada\/\",\"https:\/\/es.linkedin.com\/in\/montse-damian-b75b31a9\",\"https:\/\/twitter.com\/AbogadDamian\"],\"logo\":{\"@type\":\"ImageObject\",\"@id\":\"https:\/\/www.montsedamianabogada.com\/ca\/#logo\",\"inLanguage\":\"ca\",\"url\":\"https:\/\/www.montsedamianabogada.com\/wp-content\/uploads\/2016\/11\/logo.png\",\"width\":350,\"height\":67,\"caption\":\"Montse Dami\\u00e1n abogada\"},\"image\":{\"@id\":\"https:\/\/www.montsedamianabogada.com\/ca\/#logo\"}},{\"@type\":\"WebSite\",\"@id\":\"https:\/\/www.montsedamianabogada.com\/ca\/#website\",\"url\":\"https:\/\/www.montsedamianabogada.com\/ca\/\",\"name\":\"Montse Dami\\u00e1n\",\"description\":\"Abogada en Reus\",\"publisher\":{\"@id\":\"https:\/\/www.montsedamianabogada.com\/ca\/#organization\"},\"potentialAction\":[{\"@type\":\"SearchAction\",\"target\":\"https:\/\/www.montsedamianabogada.com\/ca\/?s={search_term_string}\",\"query-input\":\"required name=search_term_string\"}],\"inLanguage\":\"ca\"},{\"@type\":\"WebPage\",\"@id\":\"https:\/\/www.montsedamianabogada.com\/ca\/#webpage\",\"url\":\"https:\/\/www.montsedamianabogada.com\/ca\/\",\"name\":\"Abogada en Reus Montse Dami\\u00e1n, abogado para divorcios en Reus\",\"isPartOf\":{\"@id\":\"https:\/\/www.montsedamianabogada.com\/ca\/#website\"},\"datePublished\":\"2016-12-12T09:11:53+00:00\",\"dateModified\":\"2020-05-13T17:53:20+00:00\",\"description\":\"Abogada en Reus Montse Dami\\u00e1n, abogado para separaciones, divorcios, reclamaciones de pensiones hijos, abogada para incapacidades, abogada laboral en Reus\",\"inLanguage\":\"ca\",\"potentialAction\":[{\"@type\":\"ReadAction\",\"target\":[\"https:\/\/www.montsedamianabogada.com\/ca\/\"]}]}]}<\/script>\n<!-- \/ Yoast SEO plugin. -->","_links":{"self":[{"href":"https:\/\/www.montsedamianabogada.com\/ca\/wp-json\/wp\/v2\/pages\/8046"}],"collection":[{"href":"https:\/\/www.montsedamianabogada.com\/ca\/wp-json\/wp\/v2\/pages"}],"about":[{"href":"https:\/\/www.montsedamianabogada.com\/ca\/wp-json\/wp\/v2\/types\/page"}],"author":[{"embeddable":true,"href":"https:\/\/www.montsedamianabogada.com\/ca\/wp-json\/wp\/v2\/users\/1"}],"replies":[{"embeddable":true,"href":"https:\/\/www.montsedamianabogada.com\/ca\/wp-json\/wp\/v2\/comments?post=8046"}],"version-history":[{"count":13,"href":"https:\/\/www.montsedamianabogada.com\/ca\/wp-json\/wp\/v2\/pages\/8046\/revisions"}],"predecessor-version":[{"id":8288,"href":"https:\/\/www.montsedamianabogada.com\/ca\/wp-json\/wp\/v2\/pages\/8046\/revisions\/8288"}],"wp:attachment":[{"href":"https:\/\/www.montsedamianabogada.com\/ca\/wp-json\/wp\/v2\/media?parent=8046"}],"curies":[{"name":"wp","href":"https:\/\/api.w.org\/{rel}","templated":true}]}}