{"id":8062,"date":"2016-12-12T15:39:43","date_gmt":"2016-12-12T15:39:43","guid":{"rendered":"http:\/\/www.montsedamianabogada.com\/ca\/?page_id=8062"},"modified":"2017-01-09T08:32:38","modified_gmt":"2017-01-09T08:32:38","slug":"montse-damian-abogada-reus","status":"publish","type":"page","link":"https:\/\/www.montsedamianabogada.com\/ca\/montse-damian-abogada-reus\/","title":{"rendered":"Montse Dami\u00e1n"},"content":{"rendered":"<p>[vc_row full_width=&#8221;stretch_row_content_no_spaces&#8221; content_placement=&#8221;middle&#8221;][vc_column width=&#8221;1\/2&#8243; el_class=&#8221;padding-text&#8221;]<div class=\"ult-spacer spacer-69f2a1a67fc63\" data-id=\"69f2a1a67fc63\" data-height=\"40\" data-height-mobile=\"40\" data-height-tab=\"40\" data-height-tab-portrait=\"\" data-height-mobile-landscape=\"\" style=\"clear:both;display:block;\"><\/div><div id=\"ultimate-heading-431469f2a1a67fc82\" class=\"uvc-heading ult-adjust-bottom-margin ultimate-heading-431469f2a1a67fc82 uvc-5138 \" data-hspacer=\"no_spacer\"  data-halign=\"left\" style=\"text-align:left\"><div class=\"uvc-heading-spacer no_spacer\" style=\"top\"><\/div><div class=\"uvc-main-heading ult-responsive\"  data-ultimate-target='.uvc-heading.ultimate-heading-431469f2a1a67fc82 h2'  data-responsive-json-new='{\"font-size\":\"desktop:48px;\",\"line-height\":\"\"}' ><h2 style=\"font-weight:normal;color:#661414;\">Montse Dami\u00e1n Romero<\/h2><\/div><\/div><div class=\"ult-spacer spacer-69f2a1a67fc96\" data-id=\"69f2a1a67fc96\" data-height=\"30\" data-height-mobile=\"30\" data-height-tab=\"30\" data-height-tab-portrait=\"\" data-height-mobile-landscape=\"\" style=\"clear:both;display:block;\"><\/div>[vc_column_text el_class=&#8221;justify&#8221;]<\/p>\n<p><strong>Montse Dami\u00e1n<\/strong> Advocada a Reus amb m\u00e9s de <strong>12 anys d\u2019experi\u00e8ncia<\/strong> defensant els seus interessos i drets en l\u2019\u00e0mbit del dret civil y de fam\u00edlia, penal, contenci\u00f3s administratiu i laboral.<\/p>\n<p><strong>Llicenciada en Dret<\/strong> per la Universitat Rovira i Virgili de Tarragona durant la promoci\u00f3 1999-2003.<\/p>\n<p>Col.legiada a l\u2019I.lustre Col.legi d\u2019Advocats de Reus amb n\u00famero de col.legiada exercent 820 des de l\u2019any 2005.<\/p>\n<p>Especialista en <strong>Dret Penal<\/strong> havent cursat el M\u00e0ster en Advocacia Penal 08-09 impartit pel Campusicab de l\u2019I l.lustre Col.legi d\u2018Advocats de Barcelona.<\/p>\n<p>Especialista en <strong>Dret Local i Urban\u00edstic<\/strong> mitjan\u00e7ant el postgrau d\u2019especialitzaci\u00f3 impartit per la Fundaci\u00f3 URV, Centre de Formaci\u00f3 Permanent, any 2010.<\/p>\n<p>[\/vc_column_text]<div class=\"ult-spacer spacer-69f2a1a67fc9d\" data-id=\"69f2a1a67fc9d\" data-height=\"30\" data-height-mobile=\"30\" data-height-tab=\"30\" data-height-tab-portrait=\"\" data-height-mobile-landscape=\"\" style=\"clear:both;display:block;\"><\/div>[\/vc_column][vc_column width=&#8221;1\/2&#8243;][vc_single_image image=&#8221;8081&#8243; img_size=&#8221;full&#8221;][\/vc_column][\/vc_row][vc_row full_width=&#8221;stretch_row_content_no_spaces&#8221;][vc_column][vc_masonry_media_grid gap=&#8221;0&#8243; initial_loading_animation=&#8221;fadeIn&#8221; grid_id=&#8221;vc_gid:1483950679646-f77b7bee-8ade-1&#8243; include=&#8221;7705,7706,7707,7710,8065,8066&#8243;][\/vc_column][\/vc_row]<\/p>\n","protected":false},"excerpt":{"rendered":"<p>[vc_row full_width=&#8221;stretch_row_content_no_spaces&#8221; content_placement=&#8221;middle&#8221;][vc_column width=&#8221;1\/2&#8243; el_class=&#8221;padding-text&#8221;][vc_column_text el_class=&#8221;justify&#8221;] Montse Dami\u00e1n Advocada a Reus amb m\u00e9s de 12 anys d\u2019experi\u00e8ncia defensant els seus interessos i drets en l\u2019\u00e0mbit del dret civil y de fam\u00edlia, penal, contenci\u00f3s administratiu i laboral. Llicenciada en Dret per la Universitat Rovira i Virgili de Tarragona durant la promoci\u00f3 1999-2003. Col.legiada a l\u2019I.lustre Col.legi [&hellip;]<\/p>\n","protected":false},"author":1,"featured_media":0,"parent":0,"menu_order":0,"comment_status":"closed","ping_status":"closed","template":"page.php","meta":{"footnotes":""},"class_list":["post-8062","page","type-page","status-publish","hentry"],"yoast_head":"<!-- This site is optimized with the Yoast SEO plugin v14.4.1 - https:\/\/yoast.com\/wordpress\/plugins\/seo\/ -->\n<title>Montse Dami\u00e1n - Montse Dami\u00e1n<\/title>\n<meta name=\"robots\" content=\"index, follow\" \/>\n<meta name=\"googlebot\" content=\"index, follow, max-snippet:-1, max-image-preview:large, max-video-preview:-1\" \/>\n<meta name=\"bingbot\" content=\"index, follow, max-snippet:-1, max-image-preview:large, max-video-preview:-1\" \/>\n<link rel=\"canonical\" href=\"https:\/\/www.montsedamianabogada.com\/montse-damian-abogada-en-reus\/\" \/>\n<meta property=\"og:locale\" content=\"ca_ES\" \/>\n<meta property=\"og:type\" content=\"article\" \/>\n<meta property=\"og:title\" content=\"Montse Dami\u00e1n - Montse Dami\u00e1n\" \/>\n<meta property=\"og:description\" content=\"[vc_row full_width=&#8221;stretch_row_content_no_spaces&#8221; content_placement=&#8221;middle&#8221;][vc_column width=&#8221;1\/2&#8243; el_class=&#8221;padding-text&#8221;][vc_column_text el_class=&#8221;justify&#8221;] Montse Dami\u00e1n Advocada a Reus amb m\u00e9s de 12 anys d\u2019experi\u00e8ncia defensant els seus interessos i drets en l\u2019\u00e0mbit del dret civil y de fam\u00edlia, penal, contenci\u00f3s administratiu i laboral. Llicenciada en Dret per la Universitat Rovira i Virgili de Tarragona durant la promoci\u00f3 1999-2003. Col.legiada a l\u2019I.lustre Col.legi [&hellip;]\" \/>\n<meta property=\"og:url\" content=\"https:\/\/www.montsedamianabogada.com\/montse-damian-abogada-en-reus\/\" \/>\n<meta property=\"og:site_name\" content=\"Montse Dami\u00e1n\" \/>\n<meta property=\"article:publisher\" content=\"https:\/\/www.facebook.com\/montsedamianabogada\/\" \/>\n<meta property=\"article:modified_time\" content=\"2017-01-09T08:32:38+00:00\" \/>\n<meta name=\"twitter:card\" content=\"summary\" \/>\n<meta name=\"twitter:creator\" content=\"@AbogadDamian\" \/>\n<meta name=\"twitter:site\" content=\"@AbogadDamian\" \/>\n<script type=\"application\/ld+json\" class=\"yoast-schema-graph\">{\"@context\":\"https:\/\/schema.org\",\"@graph\":[{\"@type\":\"Organization\",\"@id\":\"https:\/\/www.montsedamianabogada.com\/ca\/#organization\",\"name\":\"Montse Dami\\u00e1n abogada\",\"url\":\"https:\/\/www.montsedamianabogada.com\/ca\/\",\"sameAs\":[\"https:\/\/www.facebook.com\/montsedamianabogada\/\",\"https:\/\/es.linkedin.com\/in\/montse-damian-b75b31a9\",\"https:\/\/twitter.com\/AbogadDamian\"],\"logo\":{\"@type\":\"ImageObject\",\"@id\":\"https:\/\/www.montsedamianabogada.com\/ca\/#logo\",\"inLanguage\":\"ca\",\"url\":\"https:\/\/www.montsedamianabogada.com\/wp-content\/uploads\/2016\/11\/logo.png\",\"width\":350,\"height\":67,\"caption\":\"Montse Dami\\u00e1n abogada\"},\"image\":{\"@id\":\"https:\/\/www.montsedamianabogada.com\/ca\/#logo\"}},{\"@type\":\"WebSite\",\"@id\":\"https:\/\/www.montsedamianabogada.com\/ca\/#website\",\"url\":\"https:\/\/www.montsedamianabogada.com\/ca\/\",\"name\":\"Montse Dami\\u00e1n\",\"description\":\"Abogada en Reus\",\"publisher\":{\"@id\":\"https:\/\/www.montsedamianabogada.com\/ca\/#organization\"},\"potentialAction\":[{\"@type\":\"SearchAction\",\"target\":\"https:\/\/www.montsedamianabogada.com\/ca\/?s={search_term_string}\",\"query-input\":\"required name=search_term_string\"}],\"inLanguage\":\"ca\"},{\"@type\":\"WebPage\",\"@id\":\"https:\/\/www.montsedamianabogada.com\/montse-damian-abogada-en-reus\/#webpage\",\"url\":\"https:\/\/www.montsedamianabogada.com\/montse-damian-abogada-en-reus\/\",\"name\":\"Montse Dami\\u00e1n - Montse Dami\\u00e1n\",\"isPartOf\":{\"@id\":\"https:\/\/www.montsedamianabogada.com\/ca\/#website\"},\"datePublished\":\"2016-12-12T15:39:43+00:00\",\"dateModified\":\"2017-01-09T08:32:38+00:00\",\"inLanguage\":\"ca\",\"potentialAction\":[{\"@type\":\"ReadAction\",\"target\":[\"https:\/\/www.montsedamianabogada.com\/montse-damian-abogada-en-reus\/\"]}]}]}<\/script>\n<!-- \/ Yoast SEO plugin. -->","_links":{"self":[{"href":"https:\/\/www.montsedamianabogada.com\/ca\/wp-json\/wp\/v2\/pages\/8062"}],"collection":[{"href":"https:\/\/www.montsedamianabogada.com\/ca\/wp-json\/wp\/v2\/pages"}],"about":[{"href":"https:\/\/www.montsedamianabogada.com\/ca\/wp-json\/wp\/v2\/types\/page"}],"author":[{"embeddable":true,"href":"https:\/\/www.montsedamianabogada.com\/ca\/wp-json\/wp\/v2\/users\/1"}],"replies":[{"embeddable":true,"href":"https:\/\/www.montsedamianabogada.com\/ca\/wp-json\/wp\/v2\/comments?post=8062"}],"version-history":[{"count":7,"href":"https:\/\/www.montsedamianabogada.com\/ca\/wp-json\/wp\/v2\/pages\/8062\/revisions"}],"predecessor-version":[{"id":8126,"href":"https:\/\/www.montsedamianabogada.com\/ca\/wp-json\/wp\/v2\/pages\/8062\/revisions\/8126"}],"wp:attachment":[{"href":"https:\/\/www.montsedamianabogada.com\/ca\/wp-json\/wp\/v2\/media?parent=8062"}],"curies":[{"name":"wp","href":"https:\/\/api.w.org\/{rel}","templated":true}]}}